{"id":21,"date":"2014-10-24T02:10:00","date_gmt":"2014-10-24T02:10:00","guid":{"rendered":"http:\/\/launionsantaana.gob.ec\/manabi\/?page_id=21"},"modified":"2018-03-20T14:53:20","modified_gmt":"2018-03-20T18:53:20","slug":"ultimas-noticias","status":"publish","type":"page","link":"https:\/\/launionsantaana.gob.ec\/manabi\/ultimas-noticias\/","title":{"rendered":"Ultimas Noticias"},"content":{"rendered":"<p><img loading=\"lazy\" decoding=\"async\" class=\"aligncenter size-full wp-image-567\" src=\"http:\/\/launionsantaana.gob.ec\/manabi\/wp-content\/uploads\/2014\/10\/3304d750-afd4-4fc9-882a-5a9d15b34af0.jpg\" alt=\"\" width=\"581\" height=\"1032\" srcset=\"https:\/\/launionsantaana.gob.ec\/manabi\/wp-content\/uploads\/2014\/10\/3304d750-afd4-4fc9-882a-5a9d15b34af0.jpg 576w, https:\/\/launionsantaana.gob.ec\/manabi\/wp-content\/uploads\/2014\/10\/3304d750-afd4-4fc9-882a-5a9d15b34af0-450x800.jpg 450w\" sizes=\"auto, (max-width: 581px) 100vw, 581px\" \/><\/p>\n<p>SRTA. MARIA CRISTINA INTRIAGO ZAMBRANO\u00a0 \u00a0 \u00a0 \u00a0 \u00a0 \u00a0 \u00a0 \u00a0 SRITA. 7 DE DICIEMBRE<\/p>\n<p>SRTA. KATTY LEONOR BASTIDAS MOREIRA\u00a0 \u00a0 \u00a0 \u00a0 \u00a0 \u00a0 \u00a0 \u00a0 \u00a0 \u00a0 \u00a0 \u00a0REINA DE LA UNION<\/p>\n<p>IVANNA NAYELLY CEDE\u00d1O\u00a0 MOREIRA\u00a0 \u00a0 \u00a0 \u00a0 \u00a0 \u00a0 \u00a0 \u00a0 \u00a0 \u00a0 \u00a0 \u00a0 \u00a0 \u00a0 \u00a0 \u00a0 \u00a0NI\u00d1A 7 DE DICIEMBRE<\/p>\n<p>ASLY\u00a0 IBETTE SOSA BAQUE\u00a0 \u00a0 \u00a0 \u00a0 \u00a0 \u00a0 \u00a0 \u00a0 \u00a0 \u00a0 \u00a0 \u00a0 \u00a0 \u00a0 \u00a0 \u00a0 \u00a0 \u00a0 \u00a0 \u00a0 \u00a0 \u00a0 \u00a0 \u00a0 \u00a0 \u00a0 \u00a0 \u00a0NI\u00d1A LA UNION<\/p>\n<p><img loading=\"lazy\" decoding=\"async\" class=\"aligncenter size-full wp-image-574\" src=\"http:\/\/launionsantaana.gob.ec\/manabi\/wp-content\/uploads\/2014\/10\/fa5055f8-70b9-4028-86fe-ddf8d9485cc7-2.jpg\" alt=\"\" width=\"581\" height=\"1032\" srcset=\"https:\/\/launionsantaana.gob.ec\/manabi\/wp-content\/uploads\/2014\/10\/fa5055f8-70b9-4028-86fe-ddf8d9485cc7-2.jpg 576w, https:\/\/launionsantaana.gob.ec\/manabi\/wp-content\/uploads\/2014\/10\/fa5055f8-70b9-4028-86fe-ddf8d9485cc7-2-450x800.jpg 450w\" sizes=\"auto, (max-width: 581px) 100vw, 581px\" \/><\/p>\n<p><img loading=\"lazy\" decoding=\"async\" class=\"aligncenter size-full wp-image-569\" src=\"http:\/\/launionsantaana.gob.ec\/manabi\/wp-content\/uploads\/2014\/10\/20171203_002128.jpg\" alt=\"\" width=\"576\" height=\"1024\" srcset=\"https:\/\/launionsantaana.gob.ec\/manabi\/wp-content\/uploads\/2014\/10\/20171203_002128.jpg 576w, https:\/\/launionsantaana.gob.ec\/manabi\/wp-content\/uploads\/2014\/10\/20171203_002128-450x800.jpg 450w\" sizes=\"auto, (max-width: 576px) 100vw, 576px\" \/><\/p>\n<p>El presidente del GAD Parroquial La Uni\u00f3n\u00a0 Sr. Jes\u00fas Mor\u00e1n Vega con Asly\u00a0 Ibette Sosa Baque<\/p>\n<p>Ni\u00f1a La Uni\u00f3n para el periodo 2017-2018<\/p>\n<p><img loading=\"lazy\" decoding=\"async\" class=\"aligncenter size-full wp-image-571\" src=\"http:\/\/launionsantaana.gob.ec\/manabi\/wp-content\/uploads\/2014\/10\/68842817-a0a6-4558-bc70-7984d1c5fa1a.jpg\" alt=\"\" width=\"581\" height=\"1032\" srcset=\"https:\/\/launionsantaana.gob.ec\/manabi\/wp-content\/uploads\/2014\/10\/68842817-a0a6-4558-bc70-7984d1c5fa1a.jpg 576w, https:\/\/launionsantaana.gob.ec\/manabi\/wp-content\/uploads\/2014\/10\/68842817-a0a6-4558-bc70-7984d1c5fa1a-450x800.jpg 450w\" sizes=\"auto, (max-width: 581px) 100vw, 581px\" \/><\/p>\n<p>Srta. Katty Leonor Bastidas Moreira Reina de La Uni\u00f3n para el periodo 2017-2018 y Sra. Katty Moreira Pazmi\u00f1o, madre de la reina.<\/p>\n<p>&nbsp;<\/p>\n<p><span style=\"font-family: Times New Roman,serif;\"><span style=\"font-size: medium;\"><span style=\"font-family: Calibri Light,serif;\"><span style=\"font-size: x-large;\"><span lang=\"es-ES\">ENTREGA DE LOS KITS EN LA PARROQUIA LA UNION-17\/01\/2017<img loading=\"lazy\" decoding=\"async\" class=\"aligncenter size-full wp-image-491\" src=\"http:\/\/launionsantaana.gob.ec\/manabi\/wp-content\/uploads\/2014\/10\/FB_IMG_1491333123519.jpg\" alt=\"\" width=\"720\" height=\"540\" data-id=\"491\" srcset=\"https:\/\/launionsantaana.gob.ec\/manabi\/wp-content\/uploads\/2014\/10\/FB_IMG_1491333123519.jpg 720w, https:\/\/launionsantaana.gob.ec\/manabi\/wp-content\/uploads\/2014\/10\/FB_IMG_1491333123519-550x413.jpg 550w\" sizes=\"auto, (max-width: 720px) 100vw, 720px\" \/><\/span><\/span><\/span><\/span><\/span><\/p>\n<p><img loading=\"lazy\" decoding=\"async\" class=\"aligncenter size-full wp-image-492\" src=\"http:\/\/launionsantaana.gob.ec\/manabi\/wp-content\/uploads\/2014\/10\/FB_IMG_1491333113965.jpg\" alt=\"\" width=\"720\" height=\"540\" data-id=\"492\" srcset=\"https:\/\/launionsantaana.gob.ec\/manabi\/wp-content\/uploads\/2014\/10\/FB_IMG_1491333113965.jpg 720w, https:\/\/launionsantaana.gob.ec\/manabi\/wp-content\/uploads\/2014\/10\/FB_IMG_1491333113965-550x413.jpg 550w\" sizes=\"auto, (max-width: 720px) 100vw, 720px\" \/><\/p>\n<p><span style=\"font-family: Times New Roman,serif;\"><span style=\"font-size: medium;\"><span style=\"font-family: Calibri Light,serif;\"><span style=\"font-size: x-large;\"><span lang=\"es-ES\">CULTIVOS DE MA\u00cdZ EN LA PARROQUIA LA UNI\u00d3N <\/span><\/span><\/span><\/span><\/span><\/p>\n<p><span style=\"font-family: Times New Roman,serif;\"><span style=\"font-size: medium;\"><span style=\"font-family: Calibri Light,serif;\"><span lang=\"es-ES\">La Uni\u00f3n 31 de marzo del 2017<\/span><\/span><\/span><\/span><\/p>\n<p align=\"justify\"><a name=\"_GoBack\"><\/a> <span style=\"font-family: Times New Roman,serif;\"><span style=\"font-size: medium;\"><span style=\"color: #000000;\"><span style=\"font-family: Calibri Light,serif;\"><span lang=\"es-ES\">A principios de enero del 2017 el Gobierno Provincial de Manab\u00ed a trav\u00e9s de Manab\u00ed Produce entidad adscrita a esta instituci\u00f3n entregaron 70 kits completos de ma\u00edz m\u00e1s seguro agr\u00edcola a agricultores de dos asociaciones de la parroquia La Uni\u00f3n del Cant\u00f3n Santa Ana, Emprendedores Productivos y San Francisco de As\u00eds, debido a que estos cultivos en un buen porcentaje est\u00e1n siendo afectados por <\/span><\/span><\/span><span style=\"color: #000000;\"><span style=\"font-family: Calibri Light,serif;\"> proliferaci\u00f3n del gusanos cogollero (<\/span><\/span><span style=\"color: #000000;\"><span style=\"font-family: Calibri Light,serif;\">Spodoptera frugiperda)<\/span><\/span><span style=\"color: #000000;\"><span style=\"font-family: Calibri Light,serif;\"> y ej\u00e9rcito, denominado as\u00ed porque ataca en grupo, las plagas causan defoliaci\u00f3n en el ma\u00edz de forma agresiva, producido por algunos factores como clim\u00e1tico, aumento de temperatura y humedad alta que acortan los ciclos de estos insectos, el <\/span><\/span><span style=\"color: #000000;\"><span style=\"font-family: Calibri Light,serif;\"><span lang=\"es-ES\"> ministro de Agricultura, Ganader\u00eda, Acuacultura y Pesca (MAGAP), Javier Ponce, a trav\u00e9s de una resoluci\u00f3n declar\u00f3 en emergencia el sector maicero de la Provincia. <\/span><\/span><\/span><\/span><\/span><\/p>\n<p align=\"justify\"><span style=\"font-family: Times New Roman,serif;\"><span style=\"font-size: medium;\"><span style=\"color: #000000;\"><span style=\"font-family: Calibri Light,serif;\"><span lang=\"es-ES\">Los beneficiarios de los kits der ma\u00edz cuentan con el servicio del seguro agr\u00edcola lo cual es para <\/span><\/span><\/span><span style=\"color: #000000;\"><span style=\"font-family: Calibri Light,serif;\"><span lang=\"es-ES\">proteger la siembra para recuperar los costos directos de producci\u00f3n invertidos en los cultivos afectados por estas plagas, con la ayuda de los t\u00e9cnicos encargados de la zona est\u00e1n realizando los avisos de siniestros para que los agricultores puedan recuperar lo invertido.<\/span><\/span><\/span><\/span><\/span><\/p>\n<p align=\"justify\"><span style=\"font-family: Times New Roman,serif;\"><span style=\"font-size: medium;\"><span style=\"color: #000000;\"><span style=\"font-family: Calibri Light,serif;\"><span lang=\"es-ES\">FUENTE: Ing. M\u00e1ximo Alc\u00edvar Catagua- T\u00c9CNICO DE CADIS <\/span><\/span><\/span><\/span><\/span><\/p>\n<p><a href=\"http:\/\/launionsantaana.gob.ec\/manabi\/wp-content\/uploads\/2014\/10\/infocentro-la-union-.odt\">INFOCENTRO LA UNION<\/a><\/p>\n","protected":false},"excerpt":{"rendered":"<p>SRTA. MARIA CRISTINA INTRIAGO ZAMBRANO\u00a0 \u00a0 \u00a0 \u00a0 \u00a0 \u00a0 \u00a0 \u00a0 SRITA. 7 DE DICIEMBRE SRTA. KATTY LEONOR BASTIDAS MOREIRA\u00a0 \u00a0 \u00a0 \u00a0 \u00a0 \u00a0 \u00a0 \u00a0 \u00a0 \u00a0 \u00a0 \u00a0REINA DE LA UNION IVANNA NAYELLY CEDE\u00d1O\u00a0 MOREIRA\u00a0 \u00a0 \u00a0 \u00a0 \u00a0 \u00a0 \u00a0 \u00a0 \u00a0 \u00a0 \u00a0 \u00a0 \u00a0 \u00a0 \u00a0 \u00a0 \u00a0NI\u00d1A [&hellip;]<\/p>\n","protected":false},"author":1,"featured_media":0,"parent":0,"menu_order":0,"comment_status":"closed","ping_status":"open","template":"","meta":{"footnotes":""},"yst_prominent_words":[134,140,131,126,138,130,141,132,136,128,124,123,137,129,125,139,135,142,133,127],"class_list":["post-21","page","type-page","status-publish","hentry","post"],"_links":{"self":[{"href":"https:\/\/launionsantaana.gob.ec\/manabi\/wp-json\/wp\/v2\/pages\/21","targetHints":{"allow":["GET"]}}],"collection":[{"href":"https:\/\/launionsantaana.gob.ec\/manabi\/wp-json\/wp\/v2\/pages"}],"about":[{"href":"https:\/\/launionsantaana.gob.ec\/manabi\/wp-json\/wp\/v2\/types\/page"}],"author":[{"embeddable":true,"href":"https:\/\/launionsantaana.gob.ec\/manabi\/wp-json\/wp\/v2\/users\/1"}],"replies":[{"embeddable":true,"href":"https:\/\/launionsantaana.gob.ec\/manabi\/wp-json\/wp\/v2\/comments?post=21"}],"version-history":[{"count":7,"href":"https:\/\/launionsantaana.gob.ec\/manabi\/wp-json\/wp\/v2\/pages\/21\/revisions"}],"predecessor-version":[{"id":575,"href":"https:\/\/launionsantaana.gob.ec\/manabi\/wp-json\/wp\/v2\/pages\/21\/revisions\/575"}],"wp:attachment":[{"href":"https:\/\/launionsantaana.gob.ec\/manabi\/wp-json\/wp\/v2\/media?parent=21"}],"wp:term":[{"taxonomy":"yst_prominent_words","embeddable":true,"href":"https:\/\/launionsantaana.gob.ec\/manabi\/wp-json\/wp\/v2\/yst_prominent_words?post=21"}],"curies":[{"name":"wp","href":"https:\/\/api.w.org\/{rel}","templated":true}]}}